{"id":673,"date":"2023-05-11T14:20:51","date_gmt":"2023-05-11T12:20:51","guid":{"rendered":"https:\/\/germainparispatrons.com\/?post_type=product&#038;p=673"},"modified":"2025-05-08T11:00:13","modified_gmt":"2025-05-08T09:00:13","slug":"pablo","status":"publish","type":"product","link":"https:\/\/germainpatrons.com\/en\/pablo\/","title":{"rendered":"Pablo"},"content":{"rendered":"<p>Succombez \u00e0 Pablo, la chemise indispensable de la \u00ab femme Germain \u00bb f\u00e9minine, moderne, avec une touche luxueuse unique.<br \/>\nCh\u00e8re \u00e0 notre c\u0153ur, Pablo est la 1\u00e8re pi\u00e8ce imagin\u00e9e par Germain Patrons.<br \/>\nNous souhaitions cr\u00e9er une chemise intemporelle, raffin\u00e9e qui apporte de l\u2019\u00e9l\u00e9gance \u00e0 vos tenues.<br \/>\nPablo, port\u00e9e droite refl\u00e8tera un look chic et tendance, nou\u00e9e \u00e0 la taille elle vous donnera une allure exceptionnelle.<br \/>\nDe coupe droite et d\u2019ampleur suffisante, sans manche, elle est dot\u00e9e d\u2019un col chemise, d\u2019un d\u00e9tail couture au dos qui fera p\u00e2lir de jalousie vos autres chemises dans votre dressing!!!<br \/>\nvous pourrez la hacker en version longue pour un look kimono, ceintur\u00e9e ou non et l&#8217;associer pourquoi pas \u00e0 un short Claude comme sur notre version tie&amp;dye bleue.<br \/>\nPour un total look Germain Patrons associez-la au pantalon Claude pour un look boh\u00e8me actuel bourr\u00e9 de charme et de caract\u00e8re.<\/p>\n[et_pb_section global_module=\"835\"][\/et_pb_section]\n","protected":false},"excerpt":{"rendered":"<p>Succombez \u00e0 Pablo, la chemise indispensable de la \u00ab femme Germain \u00bb f\u00e9minine, moderne, avec une touche luxueuse unique.<\/p>\n<div class=\"dftail\"><em>Tailles : 34 au 48 \/ 46 au 60.<\/em><\/div>\n<div class=\"dficon\">\n<p><em>Niveau de difficult\u00e9 : <\/em><\/p>\n<div class=\"difficulty\"><\/div>\n<div class=\"difficulty\"><\/div>\n<\/div>\n<p>\u00c0 retrouver sur vos r\u00e9seaux : <a href=\"https:\/\/www.instagram.com\/explore\/tags\/chemisepablo\/?hl=fr\" target=\"_blank\" rel=\"noopener\">#chemisepablo<\/a> ; <a href=\"https:\/\/www.instagram.com\/explore\/tags\/germainpatronspablo\/?hl=fr\" target=\"_blank\" rel=\"noopener\">#germainpatronspablo<\/a> ; <a href=\"https:\/\/www.instagram.com\/explore\/tags\/germainpatrons\/?hl=fr\" target=\"_blank\" rel=\"noopener\">#germainpatrons<\/a><\/p>\n","protected":false},"featured_media":3778,"template":"","meta":{"_et_pb_use_builder":"","_et_pb_old_content":"Succombez \u00e0 Pablo, la chemise indispensable de la \u00ab femme Germain \u00bb f\u00e9minine, moderne, avec une touche luxueuse unique.\r\nCh\u00e8re \u00e0 notre c\u0153ur, Pablo est la 1\u00e8re pi\u00e8ce imagin\u00e9e par Germain Patrons.\r\nNous souhaitions cr\u00e9er une chemise intemporelle, raffin\u00e9e qui apporte de l\u2019\u00e9l\u00e9gance \u00e0 vos tenues.\r\nPablo, port\u00e9e droite refl\u00e8tera un look chic et tendance, nou\u00e9e \u00e0 la taille elle vous donnera une allure exceptionnelle.\r\nDe coupe droite et d\u2019ampleur suffisante, sans manche, elle est dot\u00e9e d\u2019un col chemise, d\u2019un d\u00e9tail couture au dos qui fera p\u00e2lir de jalousie vos autres chemises dans votre dressing!!!\r\nvous pourrez la hacker en version longue pour un look kimono, ceintur\u00e9e ou non et l'associer pourquoi pas \u00e0 un short Claude comme sur notre version tie&amp;dye bleue.\r\nPour un total look Germain Patrons associez-la au pantalon Claude pour un look boh\u00e8me actuel bourr\u00e9 de charme et de caract\u00e8re.\r\n\r\n[divi_shortcode id=\"835\"]","_et_gb_content_width":""},"product_brand":[],"product_cat":[65,36,37,76],"product_tag":[30],"class_list":{"0":"post-673","1":"product","2":"type-product","3":"status-publish","4":"has-post-thumbnail","6":"product_cat-tops-et-blouses-34-48-fr","7":"product_cat-patrons-de-couture-femmes-34-48-fr","8":"product_cat-patrons-de-couture-femmes-46-60-fr","9":"product_cat-tops-et-blouses-46-60-fr","10":"product_tag-30","11":"pa_formats-pdf-34-48-fr","12":"pa_formats-pdf-46-60-fr","13":"pa_formats-pochette-34-48-fr","14":"pa_formats-pochette-46-60-fr","15":"wcmi-has-gallery","17":"first","18":"instock","19":"taxable","20":"shipping-taxable","21":"purchasable","22":"product-type-variable"},"supplier_id":null,"supplier_sku":"","barcode":null,"atum_controlled":true,"out_stock_date":null,"out_stock_threshold":null,"inheritable":false,"inbound_stock":0,"stock_on_hold":0,"sold_today":0,"sales_last_days":1,"reserved_stock":0,"customer_returns":0,"warehouse_damage":0,"lost_in_post":0,"other_logs":0,"out_stock_days":0,"lost_sales":0,"has_location":false,"update_date":"2026-04-26T00:41:33","atum_locations":[],"atum_stock_status":"instock","restock_status":false,"low_stock_amount":"","sales_update_date":"2026-04-26T00:41:32","calc_backorders":null,"jetpack_sharing_enabled":true,"_links":{"self":[{"href":"https:\/\/germainpatrons.com\/en\/wp-json\/wp\/v2\/product\/673","targetHints":{"allow":["GET"]}}],"collection":[{"href":"https:\/\/germainpatrons.com\/en\/wp-json\/wp\/v2\/product"}],"about":[{"href":"https:\/\/germainpatrons.com\/en\/wp-json\/wp\/v2\/types\/product"}],"wp:featuredmedia":[{"embeddable":true,"href":"https:\/\/germainpatrons.com\/en\/wp-json\/wp\/v2\/media\/3778"}],"wp:attachment":[{"href":"https:\/\/germainpatrons.com\/en\/wp-json\/wp\/v2\/media?parent=673"}],"wp:term":[{"taxonomy":"product_brand","embeddable":true,"href":"https:\/\/germainpatrons.com\/en\/wp-json\/wp\/v2\/product_brand?post=673"},{"taxonomy":"product_cat","embeddable":true,"href":"https:\/\/germainpatrons.com\/en\/wp-json\/wp\/v2\/product_cat?post=673"},{"taxonomy":"product_tag","embeddable":true,"href":"https:\/\/germainpatrons.com\/en\/wp-json\/wp\/v2\/product_tag?post=673"}],"curies":[{"name":"wp","href":"https:\/\/api.w.org\/{rel}","templated":true}]}}